{"id":306,"date":"2023-09-17T19:29:29","date_gmt":"2023-09-17T17:29:29","guid":{"rendered":"https:\/\/www.weinbau-birsak.at\/page\/?page_id=306"},"modified":"2025-03-25T16:36:19","modified_gmt":"2025-03-25T15:36:19","slug":"home","status":"publish","type":"page","link":"https:\/\/www.weinbau-birsak.at\/page\/","title":{"rendered":"Home"},"content":{"rendered":"\n<div id=\"home\" class=\"wp-block-uagb-container uagb-block-a20bb28b alignfull uagb-is-root-container\"><div class=\"uagb-container-inner-blocks-wrap\">\n<div class=\"wp-block-columns alignfull are-vertically-aligned-center is-layout-flex wp-container-core-columns-is-layout-28f84493 wp-block-columns-is-layout-flex\">\n<div class=\"wp-block-column is-layout-flow wp-block-column-is-layout-flow\"><\/div>\n\n\n\n<div class=\"wp-block-column is-layout-flow wp-block-column-is-layout-flow\">\n<figure class=\"wp-block-image size-full\"><img loading=\"lazy\" decoding=\"async\" width=\"2075\" height=\"2923\" src=\"https:\/\/www.weinbau-birsak.at\/page\/wp-content\/uploads\/2023\/11\/Birsak_Weinbau_Logo_white.png\" alt=\"Logo\" class=\"wp-image-563\" srcset=\"https:\/\/www.weinbau-birsak.at\/page\/wp-content\/uploads\/2023\/11\/Birsak_Weinbau_Logo_white.png 2075w, https:\/\/www.weinbau-birsak.at\/page\/wp-content\/uploads\/2023\/11\/Birsak_Weinbau_Logo_white-213x300.png 213w, https:\/\/www.weinbau-birsak.at\/page\/wp-content\/uploads\/2023\/11\/Birsak_Weinbau_Logo_white-727x1024.png 727w, https:\/\/www.weinbau-birsak.at\/page\/wp-content\/uploads\/2023\/11\/Birsak_Weinbau_Logo_white-768x1082.png 768w, https:\/\/www.weinbau-birsak.at\/page\/wp-content\/uploads\/2023\/11\/Birsak_Weinbau_Logo_white-1090x1536.png 1090w, https:\/\/www.weinbau-birsak.at\/page\/wp-content\/uploads\/2023\/11\/Birsak_Weinbau_Logo_white-1454x2048.png 1454w, https:\/\/www.weinbau-birsak.at\/page\/wp-content\/uploads\/2023\/11\/Birsak_Weinbau_Logo_white-600x845.png 600w\" sizes=\"auto, (max-width: 2075px) 100vw, 2075px\" \/><\/figure>\n<\/div>\n\n\n\n<div class=\"wp-block-column is-layout-flow wp-block-column-is-layout-flow\"><\/div>\n<\/div>\n\n\n\n<div style=\"height:50px\" aria-hidden=\"true\" class=\"wp-block-spacer\"><\/div>\n<\/div><\/div>\n\n\n\n<div id=\"weine\" class=\"wp-block-uagb-container uagb-block-f449685b alignfull uagb-is-root-container\"><div class=\"uagb-container-inner-blocks-wrap\">\n<div style=\"height:65px\" aria-hidden=\"true\" class=\"wp-block-spacer\"><\/div>\n\n\n\n<h1 class=\"wp-block-heading has-text-align-center\">Weinbau Birsak<\/h1>\n\n\n\n<div class=\"wp-block-columns is-layout-flex wp-container-core-columns-is-layout-28f84493 wp-block-columns-is-layout-flex\">\n<div class=\"wp-block-column is-layout-flow wp-block-column-is-layout-flow\" style=\"flex-basis:50%\">\n<figure class=\"wp-block-image size-full\"><img loading=\"lazy\" decoding=\"async\" width=\"1024\" height=\"683\" src=\"https:\/\/www.weinbau-birsak.at\/page\/wp-content\/uploads\/2023\/09\/Weinbau-Birsak_14_web.jpg\" alt=\"Doris und Martin Birsak\" class=\"wp-image-39\" srcset=\"https:\/\/www.weinbau-birsak.at\/page\/wp-content\/uploads\/2023\/09\/Weinbau-Birsak_14_web.jpg 1024w, https:\/\/www.weinbau-birsak.at\/page\/wp-content\/uploads\/2023\/09\/Weinbau-Birsak_14_web-600x400.jpg 600w, https:\/\/www.weinbau-birsak.at\/page\/wp-content\/uploads\/2023\/09\/Weinbau-Birsak_14_web-300x200.jpg 300w, https:\/\/www.weinbau-birsak.at\/page\/wp-content\/uploads\/2023\/09\/Weinbau-Birsak_14_web-768x512.jpg 768w\" sizes=\"auto, (max-width: 1024px) 100vw, 1024px\" \/><\/figure>\n<\/div>\n\n\n\n<div class=\"wp-block-column is-layout-flow wp-block-column-is-layout-flow\" style=\"flex-basis:50%\">\n<figure class=\"wp-block-image size-full\"><img loading=\"lazy\" decoding=\"async\" width=\"1024\" height=\"683\" src=\"https:\/\/www.weinbau-birsak.at\/page\/wp-content\/uploads\/2023\/09\/Weinbau-Birsak_01_web.jpg\" alt=\"Verkostungsraum\" class=\"wp-image-30\" srcset=\"https:\/\/www.weinbau-birsak.at\/page\/wp-content\/uploads\/2023\/09\/Weinbau-Birsak_01_web.jpg 1024w, https:\/\/www.weinbau-birsak.at\/page\/wp-content\/uploads\/2023\/09\/Weinbau-Birsak_01_web-600x400.jpg 600w, https:\/\/www.weinbau-birsak.at\/page\/wp-content\/uploads\/2023\/09\/Weinbau-Birsak_01_web-300x200.jpg 300w, https:\/\/www.weinbau-birsak.at\/page\/wp-content\/uploads\/2023\/09\/Weinbau-Birsak_01_web-768x512.jpg 768w\" sizes=\"auto, (max-width: 1024px) 100vw, 1024px\" \/><\/figure>\n<\/div>\n<\/div>\n\n\n\n<h2 class=\"wp-block-heading\">Unsere Weine<\/h2>\n\n\n\n<p>Wir sind ein Familienbetrieb in der vierten Generation und bewirtschaften derzeit ca. 5 ha Weing\u00e4rten sowohl auf Urgesteins- als auch auf L\u00f6\u00dfb\u00f6den mit Gr\u00fcnem Veltliner, Gelbem Muskateller, Riesling, Grauen Burgunder, Blauem Zweigelt sowie Sankt Laurent.<\/p>\n\n\n\n<p>Besuchen Sie uns und verkosten Sie alle Weine unseres Sortiments in unserem&nbsp;liebevoll eingerichtetem&nbsp;Verkostungsraum. Bei gr\u00f6\u00dferen Gruppen steht Ihnen im Keller ein&nbsp;St\u00fcberl&nbsp;in idyllischer Weingartenlage f\u00fcr bis zu 50 Personen zur Verf\u00fcgung.<\/p>\n\n\n\n<p>Gerne erstellen wir auch Sonderetiketten f\u00fcr diverse Anl\u00e4sse wie Geburtstage, Hochzeiten oder nette Geschenke z. B. mit Foto.<\/p>\n\n\n\n<p>Der pers\u00f6nliche Kontakt zu unseren Kunden ist uns sehr wichtig. Das ist auch der Grund, warum wir den Gro\u00dfteil unserer Bestellungen pers\u00f6nlich ausliefern. Wir fahren regelm\u00e4\u00dfig im Abstand von 2 Monaten nach Tirol, Ober\u00f6sterreich und Salzburg sowie nach Wien.<\/p>\n\n\n\n<p>Wir sind Mitglied der Weinstra\u00dfe Weinviertel <a href=\"https:\/\/www.weinstrasse.co.at\/\"><img loading=\"lazy\" decoding=\"async\" width=\"60\" height=\"54\" class=\"wp-image-371\" style=\"width: 60px;\" src=\"https:\/\/www.weinbau-birsak.at\/page\/wp-content\/uploads\/2023\/09\/weinstrasse.gif\" alt=\"Logo Weinstrasse\"><\/a><\/p>\n\n\n<div data-block-name=\"woocommerce\/product-categories\" data-has-count=\"false\" data-has-image=\"true\" data-is-hierarchical=\"false\" class=\"wp-block-woocommerce-product-categories wc-block-product-categories is-list \" style=\"\"><ul class=\"wc-block-product-categories-list wc-block-product-categories-list--depth-0 wc-block-product-categories-list--has-images\">\t\t\t\t<li class=\"wc-block-product-categories-list-item\">\t\t\t\t\t<a style=\"\" href=\"https:\/\/www.weinbau-birsak.at\/page\/produkt-kategorie\/pakete\/\"><span class=\"wc-block-product-categories-list-item__image wc-block-product-categories-list-item__image--placeholder\"><img loading=\"lazy\" decoding=\"async\" width=\"300\" height=\"300\" src=\"https:\/\/www.weinbau-birsak.at\/page\/wp-content\/uploads\/woocommerce-placeholder-300x300.png\" class=\"woocommerce-placeholder wp-post-image\" alt=\"Platzhalter\" srcset=\"https:\/\/www.weinbau-birsak.at\/page\/wp-content\/uploads\/woocommerce-placeholder-300x300.png 300w, https:\/\/www.weinbau-birsak.at\/page\/wp-content\/uploads\/woocommerce-placeholder-100x100.png 100w, https:\/\/www.weinbau-birsak.at\/page\/wp-content\/uploads\/woocommerce-placeholder-600x600.png 600w, https:\/\/www.weinbau-birsak.at\/page\/wp-content\/uploads\/woocommerce-placeholder-1024x1024.png 1024w, https:\/\/www.weinbau-birsak.at\/page\/wp-content\/uploads\/woocommerce-placeholder-150x150.png 150w, https:\/\/www.weinbau-birsak.at\/page\/wp-content\/uploads\/woocommerce-placeholder-768x768.png 768w, https:\/\/www.weinbau-birsak.at\/page\/wp-content\/uploads\/woocommerce-placeholder.png 1200w\" sizes=\"auto, (max-width: 300px) 100vw, 300px\" \/><\/span><span class=\"wc-block-product-categories-list-item__name\">Pakete<\/span><\/a>\t\t\t\t<\/li>\t\t\t\t\t\t\t<li class=\"wc-block-product-categories-list-item\">\t\t\t\t\t<a style=\"\" href=\"https:\/\/www.weinbau-birsak.at\/page\/produkt-kategorie\/weine-075-liter-2025\/\"><span class=\"wc-block-product-categories-list-item__image wc-block-product-categories-list-item__image--placeholder\"><img loading=\"lazy\" decoding=\"async\" width=\"300\" height=\"300\" src=\"https:\/\/www.weinbau-birsak.at\/page\/wp-content\/uploads\/woocommerce-placeholder-300x300.png\" class=\"woocommerce-placeholder wp-post-image\" alt=\"Platzhalter\" srcset=\"https:\/\/www.weinbau-birsak.at\/page\/wp-content\/uploads\/woocommerce-placeholder-300x300.png 300w, https:\/\/www.weinbau-birsak.at\/page\/wp-content\/uploads\/woocommerce-placeholder-100x100.png 100w, https:\/\/www.weinbau-birsak.at\/page\/wp-content\/uploads\/woocommerce-placeholder-600x600.png 600w, https:\/\/www.weinbau-birsak.at\/page\/wp-content\/uploads\/woocommerce-placeholder-1024x1024.png 1024w, https:\/\/www.weinbau-birsak.at\/page\/wp-content\/uploads\/woocommerce-placeholder-150x150.png 150w, https:\/\/www.weinbau-birsak.at\/page\/wp-content\/uploads\/woocommerce-placeholder-768x768.png 768w, https:\/\/www.weinbau-birsak.at\/page\/wp-content\/uploads\/woocommerce-placeholder.png 1200w\" sizes=\"auto, (max-width: 300px) 100vw, 300px\" \/><\/span><span class=\"wc-block-product-categories-list-item__name\">Weine 0,75 Liter 2025<\/span><\/a>\t\t\t\t<\/li>\t\t\t\t\t\t\t<li class=\"wc-block-product-categories-list-item\">\t\t\t\t\t<a style=\"\" href=\"https:\/\/www.weinbau-birsak.at\/page\/produkt-kategorie\/weine-075-liter-2024\/\"><span class=\"wc-block-product-categories-list-item__image wc-block-product-categories-list-item__image--placeholder\"><img loading=\"lazy\" decoding=\"async\" width=\"300\" height=\"300\" src=\"https:\/\/www.weinbau-birsak.at\/page\/wp-content\/uploads\/woocommerce-placeholder-300x300.png\" class=\"woocommerce-placeholder wp-post-image\" alt=\"Platzhalter\" srcset=\"https:\/\/www.weinbau-birsak.at\/page\/wp-content\/uploads\/woocommerce-placeholder-300x300.png 300w, https:\/\/www.weinbau-birsak.at\/page\/wp-content\/uploads\/woocommerce-placeholder-100x100.png 100w, https:\/\/www.weinbau-birsak.at\/page\/wp-content\/uploads\/woocommerce-placeholder-600x600.png 600w, https:\/\/www.weinbau-birsak.at\/page\/wp-content\/uploads\/woocommerce-placeholder-1024x1024.png 1024w, https:\/\/www.weinbau-birsak.at\/page\/wp-content\/uploads\/woocommerce-placeholder-150x150.png 150w, https:\/\/www.weinbau-birsak.at\/page\/wp-content\/uploads\/woocommerce-placeholder-768x768.png 768w, https:\/\/www.weinbau-birsak.at\/page\/wp-content\/uploads\/woocommerce-placeholder.png 1200w\" sizes=\"auto, (max-width: 300px) 100vw, 300px\" \/><\/span><span class=\"wc-block-product-categories-list-item__name\">Weine 0,75 Liter 2024<\/span><\/a>\t\t\t\t<\/li>\t\t\t\t\t\t\t<li class=\"wc-block-product-categories-list-item\">\t\t\t\t\t<a style=\"\" href=\"https:\/\/www.weinbau-birsak.at\/page\/produkt-kategorie\/suessweinundlikoere\/\"><span class=\"wc-block-product-categories-list-item__image wc-block-product-categories-list-item__image--placeholder\"><img loading=\"lazy\" decoding=\"async\" width=\"300\" height=\"300\" src=\"https:\/\/www.weinbau-birsak.at\/page\/wp-content\/uploads\/woocommerce-placeholder-300x300.png\" class=\"woocommerce-placeholder wp-post-image\" alt=\"Platzhalter\" srcset=\"https:\/\/www.weinbau-birsak.at\/page\/wp-content\/uploads\/woocommerce-placeholder-300x300.png 300w, https:\/\/www.weinbau-birsak.at\/page\/wp-content\/uploads\/woocommerce-placeholder-100x100.png 100w, https:\/\/www.weinbau-birsak.at\/page\/wp-content\/uploads\/woocommerce-placeholder-600x600.png 600w, https:\/\/www.weinbau-birsak.at\/page\/wp-content\/uploads\/woocommerce-placeholder-1024x1024.png 1024w, https:\/\/www.weinbau-birsak.at\/page\/wp-content\/uploads\/woocommerce-placeholder-150x150.png 150w, https:\/\/www.weinbau-birsak.at\/page\/wp-content\/uploads\/woocommerce-placeholder-768x768.png 768w, https:\/\/www.weinbau-birsak.at\/page\/wp-content\/uploads\/woocommerce-placeholder.png 1200w\" sizes=\"auto, (max-width: 300px) 100vw, 300px\" \/><\/span><span class=\"wc-block-product-categories-list-item__name\">S\u00fc\u00dfwein und Lik\u00f6re<\/span><\/a>\t\t\t\t<\/li>\t\t\t\t\t\t\t<li class=\"wc-block-product-categories-list-item\">\t\t\t\t\t<a style=\"\" href=\"https:\/\/www.weinbau-birsak.at\/page\/produkt-kategorie\/perlweine-075-liter\/\"><span class=\"wc-block-product-categories-list-item__image wc-block-product-categories-list-item__image--placeholder\"><img loading=\"lazy\" decoding=\"async\" width=\"300\" height=\"300\" src=\"https:\/\/www.weinbau-birsak.at\/page\/wp-content\/uploads\/woocommerce-placeholder-300x300.png\" class=\"woocommerce-placeholder wp-post-image\" alt=\"Platzhalter\" srcset=\"https:\/\/www.weinbau-birsak.at\/page\/wp-content\/uploads\/woocommerce-placeholder-300x300.png 300w, https:\/\/www.weinbau-birsak.at\/page\/wp-content\/uploads\/woocommerce-placeholder-100x100.png 100w, https:\/\/www.weinbau-birsak.at\/page\/wp-content\/uploads\/woocommerce-placeholder-600x600.png 600w, https:\/\/www.weinbau-birsak.at\/page\/wp-content\/uploads\/woocommerce-placeholder-1024x1024.png 1024w, https:\/\/www.weinbau-birsak.at\/page\/wp-content\/uploads\/woocommerce-placeholder-150x150.png 150w, https:\/\/www.weinbau-birsak.at\/page\/wp-content\/uploads\/woocommerce-placeholder-768x768.png 768w, https:\/\/www.weinbau-birsak.at\/page\/wp-content\/uploads\/woocommerce-placeholder.png 1200w\" sizes=\"auto, (max-width: 300px) 100vw, 300px\" \/><\/span><span class=\"wc-block-product-categories-list-item__name\">Perlweine 0,75 Liter<\/span><\/a>\t\t\t\t<\/li>\t\t\t\t\t\t\t<li class=\"wc-block-product-categories-list-item\">\t\t\t\t\t<a style=\"\" href=\"https:\/\/www.weinbau-birsak.at\/page\/produkt-kategorie\/weineundsaefte-1-liter\/\"><span class=\"wc-block-product-categories-list-item__image wc-block-product-categories-list-item__image--placeholder\"><img loading=\"lazy\" decoding=\"async\" width=\"300\" height=\"300\" src=\"https:\/\/www.weinbau-birsak.at\/page\/wp-content\/uploads\/woocommerce-placeholder-300x300.png\" class=\"woocommerce-placeholder wp-post-image\" alt=\"Platzhalter\" srcset=\"https:\/\/www.weinbau-birsak.at\/page\/wp-content\/uploads\/woocommerce-placeholder-300x300.png 300w, https:\/\/www.weinbau-birsak.at\/page\/wp-content\/uploads\/woocommerce-placeholder-100x100.png 100w, https:\/\/www.weinbau-birsak.at\/page\/wp-content\/uploads\/woocommerce-placeholder-600x600.png 600w, https:\/\/www.weinbau-birsak.at\/page\/wp-content\/uploads\/woocommerce-placeholder-1024x1024.png 1024w, https:\/\/www.weinbau-birsak.at\/page\/wp-content\/uploads\/woocommerce-placeholder-150x150.png 150w, https:\/\/www.weinbau-birsak.at\/page\/wp-content\/uploads\/woocommerce-placeholder-768x768.png 768w, https:\/\/www.weinbau-birsak.at\/page\/wp-content\/uploads\/woocommerce-placeholder.png 1200w\" sizes=\"auto, (max-width: 300px) 100vw, 300px\" \/><\/span><span class=\"wc-block-product-categories-list-item__name\">Weine und S\u00e4fte 1,0 Liter<\/span><\/a>\t\t\t\t<\/li>\t\t\t<\/ul><\/div>\n\n\n<div class=\"wp-block-uagb-marketing-button uagb-marketing-btn__align-center uagb-marketing-btn__align-text-center uagb-marketing-btn__icon-after uagb-block-b2b631e2 wp-block-button\"><a href=\"https:\/\/www.weinbau-birsak.at\/page\/shop\/\" class=\"uagb-marketing-btn__link wp-block-button__link\" target=\"\" rel=\"noopener noreferrer\"><span class=\"uagb-marketing-btn__title\">Zu den Weinen<\/span><svg xmlns=\"https:\/\/www.w3.org\/2000\/svg\" viewBox=\"0 0 576 512\"><path d=\"M96 0C107.5 0 117.4 8.19 119.6 19.51L121.1 32H541.8C562.1 32 578.3 52.25 572.6 72.66L518.6 264.7C514.7 278.5 502.1 288 487.8 288H170.7L179.9 336H488C501.3 336 512 346.7 512 360C512 373.3 501.3 384 488 384H159.1C148.5 384 138.6 375.8 136.4 364.5L76.14 48H24C10.75 48 0 37.25 0 24C0 10.75 10.75 0 24 0H96zM128 464C128 437.5 149.5 416 176 416C202.5 416 224 437.5 224 464C224 490.5 202.5 512 176 512C149.5 512 128 490.5 128 464zM512 464C512 490.5 490.5 512 464 512C437.5 512 416 490.5 416 464C416 437.5 437.5 416 464 416C490.5 416 512 437.5 512 464z\"><\/path><\/svg><p class=\"uagb-marketing-btn__prefix\">besuchen Sie unseren Online-Shop<\/p><\/a><\/div>\n\n\n\n<div style=\"height:50px\" aria-hidden=\"true\" class=\"wp-block-spacer\"><\/div>\n<\/div><\/div>\n\n\n\n<div id=\"ferienwohnung\" class=\"wp-block-uagb-container uagb-block-436957b4 alignfull uagb-is-root-container\"><div class=\"uagb-container-inner-blocks-wrap\">\n<div style=\"height:50px\" aria-hidden=\"true\" class=\"wp-block-spacer\"><\/div>\n\n\n\n<div class=\"wp-block-columns is-layout-flex wp-container-core-columns-is-layout-28f84493 wp-block-columns-is-layout-flex\">\n<div class=\"wp-block-column is-layout-flow wp-block-column-is-layout-flow\">\n<figure class=\"wp-block-image size-full\"><img loading=\"lazy\" decoding=\"async\" width=\"752\" height=\"502\" src=\"https:\/\/www.weinbau-birsak.at\/page\/wp-content\/uploads\/2023\/09\/551567ac695afa3de83e9ac78dfea336.jpg\" alt=\"Zimmer\" class=\"wp-image-78\" srcset=\"https:\/\/www.weinbau-birsak.at\/page\/wp-content\/uploads\/2023\/09\/551567ac695afa3de83e9ac78dfea336.jpg 752w, https:\/\/www.weinbau-birsak.at\/page\/wp-content\/uploads\/2023\/09\/551567ac695afa3de83e9ac78dfea336-600x401.jpg 600w, https:\/\/www.weinbau-birsak.at\/page\/wp-content\/uploads\/2023\/09\/551567ac695afa3de83e9ac78dfea336-300x200.jpg 300w\" sizes=\"auto, (max-width: 752px) 100vw, 752px\" \/><\/figure>\n<\/div>\n\n\n\n<div class=\"wp-block-column is-layout-flow wp-block-column-is-layout-flow\">\n<figure class=\"wp-block-image size-full\"><img loading=\"lazy\" decoding=\"async\" width=\"1024\" height=\"683\" src=\"https:\/\/www.weinbau-birsak.at\/page\/wp-content\/uploads\/2023\/09\/Weinbau-Birsak_11_web.jpg\" alt=\"Zimmer\" class=\"wp-image-36\" srcset=\"https:\/\/www.weinbau-birsak.at\/page\/wp-content\/uploads\/2023\/09\/Weinbau-Birsak_11_web.jpg 1024w, https:\/\/www.weinbau-birsak.at\/page\/wp-content\/uploads\/2023\/09\/Weinbau-Birsak_11_web-600x400.jpg 600w, https:\/\/www.weinbau-birsak.at\/page\/wp-content\/uploads\/2023\/09\/Weinbau-Birsak_11_web-300x200.jpg 300w, https:\/\/www.weinbau-birsak.at\/page\/wp-content\/uploads\/2023\/09\/Weinbau-Birsak_11_web-768x512.jpg 768w\" sizes=\"auto, (max-width: 1024px) 100vw, 1024px\" \/><\/figure>\n<\/div>\n<\/div>\n\n\n\n<h2 class=\"wp-block-heading\">Ferienwohnung<\/h2>\n\n\n\n<p>Ferienwohnung f\u00fcr bis zu 4 Personen in ruhiger Lage.<br>Es stehen ein Schlafzimmer, K\u00fcche, Bad und WC zur Verf\u00fcgung.<br>Bei Bedarf k\u00f6nnen wir ein Gitterbett beistellen.<br>Preise f\u00fcr die Ferienwohnung:<\/p>\n\n\n\n<figure class=\"wp-block-table\"><table><tbody><tr><td>N\u00e4chtigung pro Person<\/td><td>\u20ac&nbsp;35,&#8211;<\/td><\/tr><tr><td>Fr\u00fchst\u00fcck pro Person<\/td><td>\u20ac&nbsp;7,&#8211;<\/td><\/tr><tr><td>Einmaln\u00e4chtigungszuschlag<\/td><td>\u20ac&nbsp;5,&#8211;<\/td><\/tr><\/tbody><\/table><\/figure>\n\n\n\n<p>Kindererm\u00e4\u00dfigung auf Anfrage!<br>Die Preise verstehen sich inklusive Mehrwertsteuer und Ortstaxe.<\/p>\n\n\n\n<p>Ein idyllischer Innenhof bietet Radfahrern Abstellm\u00f6glichkeit f\u00fcr Ihre Fahrr\u00e4der und Kinder haben genug Platz zum Spielen. Alle die gerne ein gutes Glas Wein genie\u00dfen wollen, haben nat\u00fcrlich die M\u00f6glichkeit, s\u00e4mtliche Weine unseres Sortiments zu verkosten.<\/p>\n\n\n\n<p>Weitere Informationen gibt es unter T +43 664 6507215<br>oder per Anfrage \u00fcber das <a href=\"https:\/\/www.weinbau-birsak.at\/page\/ferienwohnung-anfrage\/\" data-type=\"page\" data-id=\"372\">Kontaktformular<\/a><\/p>\n<\/div><\/div>\n\n\n\n<div id=\"sehenswertes\" class=\"wp-block-uagb-container uagb-block-c887e43c alignfull uagb-is-root-container\"><div class=\"uagb-container-inner-blocks-wrap\">\n<div class=\"wp-block-uagb-info-box uagb-block-3dca9761 uagb-infobox__content-wrap  uagb-infobox-icon-above-title uagb-infobox-image-valign-top\"><div class=\"uagb-ifb-content\"><div class=\"uagb-ifb-title-wrap\"><span class=\"uagb-ifb-title-prefix\">R\u00f6schitz<\/span><h2 class=\"uagb-ifb-title\">Sehenswertes<\/h2><\/div><p class=\"uagb-ifb-desc\">\u201eAn den Ausl\u00e4ufern des Manhartsberges breitet sich auf uraltem Siedlungsboden die Marktgemeinde R\u00f6schitz aus, die sich fast zur G\u00e4nze hervorragenden Weinen verschrieben hat.\u201c<\/p><\/div><\/div>\n<\/div><\/div>\n\n\n\n<div id=\"ueberroeschitz\" class=\"wp-block-uagb-container uagb-block-3ddfc236 alignfull uagb-is-root-container\"><div class=\"uagb-container-inner-blocks-wrap\">\n<div style=\"height:30px\" aria-hidden=\"true\" class=\"wp-block-spacer\"><\/div>\n\n\n\n<h4 class=\"wp-block-heading\">\u00dcber R\u00f6schitz<\/h4>\n\n\n\n<p>R\u00f6schitz ist eine Marktgemeinde mit 1031 Einwohnern im Osten des Bezirkes Horn und am Rande des Weinviertels.<br>Bev\u00f6lkerung: 1.045 (1. Apr. 2009)<br>H\u00f6he: 280 m<br>Fl\u00e4che: 21,16 km<sup>2<\/sup><\/p>\n\n\n\n<p>Zum ersten Mal urkundlich erw\u00e4hnt, wurde R\u00f6schitz mit dem Namen &#8222;respice&#8220; im Jahre 1198. 1514 wurde der Ort zum Markt erhoben und 46 Jahre sp\u00e4ter erhielt R\u00f6schitz von Kaiser Ferdinand I. ein eigenes Wappen. Durch Pest, Drei\u00dfigj\u00e4hriger Krieg (Schweden) und Feuersbrunst wurde die Marktgemeinde mehrmals ersch\u00fcttert. In Kriegszeiten fanden viele Zuflucht in den sogenannten Erdst\u00e4llen. Es ist schwer zu sagen, wann diese Erdst\u00e4lle entstanden sind, aber vermutet wird dass, sie ca. 1000 &#8211; 1200 von Anh\u00e4ngern heidnischer Religionen (Bayern) gegraben wurden. Wie schon das Wappen erkennen l\u00e4\u00dft, ist R\u00f6schitz vom Wein gepr\u00e4gt und ist daher einer der beliebtesten Weinorte der Region (Retzer Land).<\/p>\n\n\n\n<h4 class=\"wp-block-heading\">Sehenswertes in R\u00f6schitz<\/h4>\n\n\n\n<ul class=\"wp-block-list\">\n<li>&#8222;R\u00f6schitzer Rarit\u00e4ten&#8220; &#8211; Privatmuseum<br><a href=\"http:\/\/www.xn--rschitzermuseum-8sb.at\/\" target=\"_blank\" rel=\"noreferrer noopener\">www.r\u00f6schitzermuseum.at<\/a><\/li>\n\n\n\n<li>Muschelgarten&nbsp;(gegen\u00fcber von Ferienwohnung)<\/li>\n\n\n\n<li>Pfarrkirche R\u00f6schitz zum Hl. Nikolaus<br><a href=\"\/\/\/Users\/master\/Desktop\/HP%20Birsak\/weinbau-birsak\/www.weinbau-birsak.at\/data\/files2\/CIMG4567.jpg\" target=\"_blank\" rel=\"noreferrer noopener\">Foto<\/a><\/li>\n\n\n\n<li>Erlebnisweg Bodenst\u00e4ndig R\u00f6schitz Wege zum Wein<br><a href=\"http:\/\/www.roeschitz.at\/\">www.roeschitz.at<\/a><\/li>\n<\/ul>\n\n\n\n<p>Hier bekommen Sie Informationen \u00fcber die Veranstaltungen der R\u00f6schitzer Winzer:<\/p>\n\n\n\n<h4 class=\"wp-block-heading\">N\u00e4here Umgebung<\/h4>\n\n\n\n<figure class=\"wp-block-table\"><table><tbody><tr><th><\/th><th>Entfernung von R\u00f6schitz<\/th><\/tr><tr><td><a href=\"http:\/\/www.oldtimer-stoitzendorf.at\/\" target=\"_blank\" rel=\"noreferrer noopener\">www.oldtimer-stoitzendorf.at<\/a><\/td><td>2.5 km<\/td><\/tr><tr><td><a href=\"http:\/\/www.nostalgiewelt.at\/\" target=\"_blank\" rel=\"noreferrer noopener\">www.nostalgiewelt.at<\/a><\/td><td>6.5 km<\/td><\/tr><tr><td><a href=\"http:\/\/www.krahuletzmuseum.at\/\" target=\"_blank\" rel=\"noreferrer noopener\">www.krahuletzmuseum.at<\/a><\/td><td>6.5 km<\/td><\/tr><tr><td><a href=\"http:\/\/www.motorradmuseum.at\/\" target=\"_blank\" rel=\"noreferrer noopener\">www.motorradmuseum.at<\/a><\/td><td>12 km<\/td><\/tr><tr><td><a href=\"http:\/\/www.eisenbahnmuseum-waldviertel.at\/\" target=\"_blank\" rel=\"noreferrer noopener\">www.eisenbahnmuseum-waldviertel.at<\/a><\/td><td>12 km<\/td><\/tr><tr><td><a href=\"http:\/\/www.amethystwelt.at\/\" target=\"_blank\" rel=\"noreferrer noopener\">www.amethystwelt.at<\/a><\/td><td>14 km<\/td><\/tr><tr><td><a href=\"http:\/\/www.erlebniskeller.at\/\" target=\"_blank\" rel=\"noreferrer noopener\">www.erlebniskeller.at<\/a><\/td><td>14 km<\/td><\/tr><\/tbody><\/table><\/figure>\n\n\n\n<h4 class=\"wp-block-heading\">Umgebung<\/h4>\n\n\n\n<figure class=\"wp-block-table\"><table><tbody><tr><td><a href=\"http:\/\/www.np-thayatal.at\/\" target=\"_blank\" rel=\"noreferrer noopener\">www.np-thayatal.at<\/a><\/td><td>27 km<\/td><\/tr><tr><td><a href=\"http:\/\/www.rosenburg.at\/\" target=\"_blank\" rel=\"noreferrer noopener\">www.rosenburg.at<\/a><\/td><td>24 km<\/td><\/tr><tr><td><a href=\"http:\/\/www.schlossriegersburg.at\/\" target=\"_blank\" rel=\"noreferrer noopener\">www.schlossriegersburg.at<\/a><\/td><td>27 km<\/td><\/tr><\/tbody><\/table><\/figure>\n<\/div><\/div>\n","protected":false},"excerpt":{"rendered":"<p>Weinbau Birsak Unsere Weine Wir sind ein Familienbetrieb in der vierten Generation und bewirtschaften derzeit ca. 5 ha Weing\u00e4rten sowohl auf Urgesteins- als auch auf L\u00f6\u00dfb\u00f6den mit Gr\u00fcnem Veltliner, Gelbem Muskateller, Riesling, Grauen Burgunder, Blauem Zweigelt sowie Sankt Laurent. Besuchen Sie uns und verkosten Sie alle Weine unseres Sortiments in unserem&nbsp;liebevoll eingerichtetem&nbsp;Verkostungsraum. Bei gr\u00f6\u00dferen Gruppen [&hellip;]<\/p>\n","protected":false},"author":1,"featured_media":0,"parent":0,"menu_order":0,"comment_status":"closed","ping_status":"closed","template":"","meta":{"_uag_custom_page_level_css":"","site-sidebar-layout":"default","site-content-layout":"","ast-site-content-layout":"default","site-content-style":"default","site-sidebar-style":"default","ast-global-header-display":"","ast-banner-title-visibility":"disabled","ast-main-header-display":"","ast-hfb-above-header-display":"","ast-hfb-below-header-display":"","ast-hfb-mobile-header-display":"","site-post-title":"disabled","ast-breadcrumbs-content":"","ast-featured-img":"","footer-sml-layout":"","ast-disable-related-posts":"","theme-transparent-header-meta":"enabled","adv-header-id-meta":"","stick-header-meta":"","header-above-stick-meta":"","header-main-stick-meta":"","header-below-stick-meta":"","astra-migrate-meta-layouts":"","ast-page-background-enabled":"default","ast-page-background-meta":{"desktop":{"background-color":"var(--ast-global-color-4)","background-image":"","background-repeat":"repeat","background-position":"center center","background-size":"auto","background-attachment":"scroll","background-type":"","background-media":"","overlay-type":"","overlay-color":"","overlay-opacity":"","overlay-gradient":""},"tablet":{"background-color":"","background-image":"","background-repeat":"repeat","background-position":"center center","background-size":"auto","background-attachment":"scroll","background-type":"","background-media":"","overlay-type":"","overlay-color":"","overlay-opacity":"","overlay-gradient":""},"mobile":{"background-color":"","background-image":"","background-repeat":"repeat","background-position":"center center","background-size":"auto","background-attachment":"scroll","background-type":"","background-media":"","overlay-type":"","overlay-color":"","overlay-opacity":"","overlay-gradient":""}},"ast-content-background-meta":{"desktop":{"background-color":"var(--ast-global-color-5)","background-image":"","background-repeat":"repeat","background-position":"center center","background-size":"auto","background-attachment":"scroll","background-type":"","background-media":"","overlay-type":"","overlay-color":"","overlay-opacity":"","overlay-gradient":""},"tablet":{"background-color":"var(--ast-global-color-5)","background-image":"","background-repeat":"repeat","background-position":"center center","background-size":"auto","background-attachment":"scroll","background-type":"","background-media":"","overlay-type":"","overlay-color":"","overlay-opacity":"","overlay-gradient":""},"mobile":{"background-color":"var(--ast-global-color-5)","background-image":"","background-repeat":"repeat","background-position":"center center","background-size":"auto","background-attachment":"scroll","background-type":"","background-media":"","overlay-type":"","overlay-color":"","overlay-opacity":"","overlay-gradient":""}},"footnotes":""},"class_list":["post-306","page","type-page","status-publish","hentry"],"aioseo_notices":[],"uagb_featured_image_src":{"full":false,"thumbnail":false,"medium":false,"medium_large":false,"large":false,"1536x1536":false,"2048x2048":false,"woocommerce_thumbnail":false,"woocommerce_single":false,"woocommerce_gallery_thumbnail":false},"uagb_author_info":{"display_name":"admin","author_link":"https:\/\/www.weinbau-birsak.at\/page\/author\/admin\/"},"uagb_comment_info":0,"uagb_excerpt":"Weinbau Birsak Unsere Weine Wir sind ein Familienbetrieb in der vierten Generation und bewirtschaften derzeit ca. 5 ha Weing\u00e4rten sowohl auf Urgesteins- als auch auf L\u00f6\u00dfb\u00f6den mit Gr\u00fcnem Veltliner, Gelbem Muskateller, Riesling, Grauen Burgunder, Blauem Zweigelt sowie Sankt Laurent. Besuchen Sie uns und verkosten Sie alle Weine unseres Sortiments in unserem&nbsp;liebevoll eingerichtetem&nbsp;Verkostungsraum. Bei gr\u00f6\u00dferen Gruppen&hellip;","_links":{"self":[{"href":"https:\/\/www.weinbau-birsak.at\/page\/wp-json\/wp\/v2\/pages\/306","targetHints":{"allow":["GET"]}}],"collection":[{"href":"https:\/\/www.weinbau-birsak.at\/page\/wp-json\/wp\/v2\/pages"}],"about":[{"href":"https:\/\/www.weinbau-birsak.at\/page\/wp-json\/wp\/v2\/types\/page"}],"author":[{"embeddable":true,"href":"https:\/\/www.weinbau-birsak.at\/page\/wp-json\/wp\/v2\/users\/1"}],"replies":[{"embeddable":true,"href":"https:\/\/www.weinbau-birsak.at\/page\/wp-json\/wp\/v2\/comments?post=306"}],"version-history":[{"count":9,"href":"https:\/\/www.weinbau-birsak.at\/page\/wp-json\/wp\/v2\/pages\/306\/revisions"}],"predecessor-version":[{"id":791,"href":"https:\/\/www.weinbau-birsak.at\/page\/wp-json\/wp\/v2\/pages\/306\/revisions\/791"}],"wp:attachment":[{"href":"https:\/\/www.weinbau-birsak.at\/page\/wp-json\/wp\/v2\/media?parent=306"}],"curies":[{"name":"wp","href":"https:\/\/api.w.org\/{rel}","templated":true}]}}